{"version":"1.0","provider_name":"AleaSoft Energy Forecasting","provider_url":"https:\/\/aleasoft.com\/es\/","title":"Panorama mercados el\u00e9ctricos europeos: Portugal","type":"rich","width":600,"height":338,"html":"<blockquote class=\"wp-embedded-content\" data-secret=\"6mHr8FB69M\"><a href=\"https:\/\/aleasoft.com\/es\/panorama-mercados-electricos-europeos-portugal-mibel\/\">Panorama mercados el\u00e9ctricos europeos: Portugal<\/a><\/blockquote><iframe sandbox=\"allow-scripts\" security=\"restricted\" src=\"https:\/\/aleasoft.com\/es\/panorama-mercados-electricos-europeos-portugal-mibel\/embed\/#?secret=6mHr8FB69M\" width=\"600\" height=\"338\" title=\"\u00abPanorama mercados el\u00e9ctricos europeos: Portugal\u00bb \u2014 AleaSoft Energy Forecasting\" data-secret=\"6mHr8FB69M\" frameborder=\"0\" marginwidth=\"0\" marginheight=\"0\" scrolling=\"no\" class=\"wp-embedded-content\"><\/iframe><script>\n\/*! This file is auto-generated *\/\n!function(d,l){\"use strict\";l.querySelector&&d.addEventListener&&\"undefined\"!=typeof URL&&(d.wp=d.wp||{},d.wp.receiveEmbedMessage||(d.wp.receiveEmbedMessage=function(e){var t=e.data;if((t||t.secret||t.message||t.value)&&!\/[^a-zA-Z0-9]\/.test(t.secret)){for(var s,r,n,a=l.querySelectorAll('iframe[data-secret=\"'+t.secret+'\"]'),o=l.querySelectorAll('blockquote[data-secret=\"'+t.secret+'\"]'),c=new RegExp(\"^https?:$\",\"i\"),i=0;i<o.length;i++)o[i].style.display=\"none\";for(i=0;i<a.length;i++)s=a[i],e.source===s.contentWindow&&(s.removeAttribute(\"style\"),\"height\"===t.message?(1e3<(r=parseInt(t.value,10))?r=1e3:~~r<200&&(r=200),s.height=r):\"link\"===t.message&&(r=new URL(s.getAttribute(\"src\")),n=new URL(t.value),c.test(n.protocol))&&n.host===r.host&&l.activeElement===s&&(d.top.location.href=t.value))}},d.addEventListener(\"message\",d.wp.receiveEmbedMessage,!1),l.addEventListener(\"DOMContentLoaded\",function(){for(var e,t,s=l.querySelectorAll(\"iframe.wp-embedded-content\"),r=0;r<s.length;r++)(t=(e=s[r]).getAttribute(\"data-secret\"))||(t=Math.random().toString(36).substring(2,12),e.src+=\"#?secret=\"+t,e.setAttribute(\"data-secret\",t)),e.contentWindow.postMessage({message:\"ready\",secret:t},\"*\")},!1)))}(window,document);\n\/\/# sourceURL=https:\/\/aleasoft.com\/wp-includes\/js\/wp-embed.min.js\n<\/script>\n","thumbnail_url":"https:\/\/aleasoft.com\/wp-content\/uploads\/2020\/02\/20200219-AleaSoft-Potencia-instalada-generacion-electricidad-Portugal.png","thumbnail_width":2814,"thumbnail_height":1573,"description":"Coincidiendo con el aniversario 20 de su fundaci\u00f3n, AleaSoft public\u00f3 varios art\u00edculos sobre la historia del mercado el\u00e9ctrico espa\u00f1ol. Este mercado junto con el portugu\u00e9s conforma el mercado el\u00e9ctrico MIBEL. En esta ocasi\u00f3n, el an\u00e1lisis de AleaSoft se centra en el mercado portugu\u00e9s, aportando informaci\u00f3n sobre su historia, comparativas con respecto al mercado espa\u00f1ol as\u00ed como las perspectivas con las que este pa\u00eds afronta la revoluci\u00f3n renovable."}