{"version":"1.0","provider_name":"AleaSoft Energy Forecasting","provider_url":"https:\/\/aleasoft.com\/es\/","title":"Los precios de los mercados el\u00e9ctricos europeos han subido por una mayor demanda el\u00e9ctrica","type":"rich","width":600,"height":338,"html":"<blockquote class=\"wp-embedded-content\" data-secret=\"fOUDk50plF\"><a href=\"https:\/\/aleasoft.com\/es\/precios-mercados-electricos-europeos-suben-mayor-demanda-electrica\/\">Los precios de los mercados el\u00e9ctricos europeos han subido por una mayor demanda el\u00e9ctrica<\/a><\/blockquote><iframe sandbox=\"allow-scripts\" security=\"restricted\" src=\"https:\/\/aleasoft.com\/es\/precios-mercados-electricos-europeos-suben-mayor-demanda-electrica\/embed\/#?secret=fOUDk50plF\" width=\"600\" height=\"338\" title=\"\u00abLos precios de los mercados el\u00e9ctricos europeos han subido por una mayor demanda el\u00e9ctrica\u00bb \u2014 AleaSoft Energy Forecasting\" data-secret=\"fOUDk50plF\" frameborder=\"0\" marginwidth=\"0\" marginheight=\"0\" scrolling=\"no\" class=\"wp-embedded-content\"><\/iframe><script>\n\/*! This file is auto-generated *\/\n!function(d,l){\"use strict\";l.querySelector&&d.addEventListener&&\"undefined\"!=typeof URL&&(d.wp=d.wp||{},d.wp.receiveEmbedMessage||(d.wp.receiveEmbedMessage=function(e){var t=e.data;if((t||t.secret||t.message||t.value)&&!\/[^a-zA-Z0-9]\/.test(t.secret)){for(var s,r,n,a=l.querySelectorAll('iframe[data-secret=\"'+t.secret+'\"]'),o=l.querySelectorAll('blockquote[data-secret=\"'+t.secret+'\"]'),c=new RegExp(\"^https?:$\",\"i\"),i=0;i<o.length;i++)o[i].style.display=\"none\";for(i=0;i<a.length;i++)s=a[i],e.source===s.contentWindow&&(s.removeAttribute(\"style\"),\"height\"===t.message?(1e3<(r=parseInt(t.value,10))?r=1e3:~~r<200&&(r=200),s.height=r):\"link\"===t.message&&(r=new URL(s.getAttribute(\"src\")),n=new URL(t.value),c.test(n.protocol))&&n.host===r.host&&l.activeElement===s&&(d.top.location.href=t.value))}},d.addEventListener(\"message\",d.wp.receiveEmbedMessage,!1),l.addEventListener(\"DOMContentLoaded\",function(){for(var e,t,s=l.querySelectorAll(\"iframe.wp-embedded-content\"),r=0;r<s.length;r++)(t=(e=s[r]).getAttribute(\"data-secret\"))||(t=Math.random().toString(36).substring(2,12),e.src+=\"#?secret=\"+t,e.setAttribute(\"data-secret\",t)),e.contentWindow.postMessage({message:\"ready\",secret:t},\"*\")},!1)))}(window,document);\n\/\/# sourceURL=https:\/\/aleasoft.com\/wp-includes\/js\/wp-embed.min.js\n<\/script>\n","thumbnail_url":"https:\/\/aleasoft.com\/wp-content\/uploads\/2020\/01\/20200109-AleaSoft-Demanda-electricidad-paises-Europa-1.png","thumbnail_width":2282,"thumbnail_height":1582,"description":"La producci\u00f3n e\u00f3lica se ha recuperado esta semana en todos los mercados europeos. La producci\u00f3n solar ha continuado descendiendo en la mayor\u00eda de los mercados. Por otro lado, la demanda el\u00e9ctrica ha subido una vez finalizado el per\u00edodo de vacaciones, lo que ha provocado el incremento de los precios."}