{"version":"1.0","provider_name":"AleaSoft Energy Forecasting","provider_url":"https:\/\/aleasoft.com\/es\/","title":"El veh\u00edculo el\u00e9ctrico: Elemento clave para la descarbonizaci\u00f3n y la integraci\u00f3n de las renovables","type":"rich","width":600,"height":338,"html":"<blockquote class=\"wp-embedded-content\" data-secret=\"UAxVHJlmyd\"><a href=\"https:\/\/aleasoft.com\/es\/vehiculo-electrico-clave-descarbonizacion-integracion-renovables\/\">El veh\u00edculo el\u00e9ctrico: Elemento clave para la descarbonizaci\u00f3n y la integraci\u00f3n de las renovables<\/a><\/blockquote><iframe sandbox=\"allow-scripts\" security=\"restricted\" src=\"https:\/\/aleasoft.com\/es\/vehiculo-electrico-clave-descarbonizacion-integracion-renovables\/embed\/#?secret=UAxVHJlmyd\" width=\"600\" height=\"338\" title=\"\u00abEl veh\u00edculo el\u00e9ctrico: Elemento clave para la descarbonizaci\u00f3n y la integraci\u00f3n de las renovables\u00bb \u2014 AleaSoft Energy Forecasting\" data-secret=\"UAxVHJlmyd\" frameborder=\"0\" marginwidth=\"0\" marginheight=\"0\" scrolling=\"no\" class=\"wp-embedded-content\"><\/iframe><script>\n\/*! This file is auto-generated *\/\n!function(d,l){\"use strict\";l.querySelector&&d.addEventListener&&\"undefined\"!=typeof URL&&(d.wp=d.wp||{},d.wp.receiveEmbedMessage||(d.wp.receiveEmbedMessage=function(e){var t=e.data;if((t||t.secret||t.message||t.value)&&!\/[^a-zA-Z0-9]\/.test(t.secret)){for(var s,r,n,a=l.querySelectorAll('iframe[data-secret=\"'+t.secret+'\"]'),o=l.querySelectorAll('blockquote[data-secret=\"'+t.secret+'\"]'),c=new RegExp(\"^https?:$\",\"i\"),i=0;i<o.length;i++)o[i].style.display=\"none\";for(i=0;i<a.length;i++)s=a[i],e.source===s.contentWindow&&(s.removeAttribute(\"style\"),\"height\"===t.message?(1e3<(r=parseInt(t.value,10))?r=1e3:~~r<200&&(r=200),s.height=r):\"link\"===t.message&&(r=new URL(s.getAttribute(\"src\")),n=new URL(t.value),c.test(n.protocol))&&n.host===r.host&&l.activeElement===s&&(d.top.location.href=t.value))}},d.addEventListener(\"message\",d.wp.receiveEmbedMessage,!1),l.addEventListener(\"DOMContentLoaded\",function(){for(var e,t,s=l.querySelectorAll(\"iframe.wp-embedded-content\"),r=0;r<s.length;r++)(t=(e=s[r]).getAttribute(\"data-secret\"))||(t=Math.random().toString(36).substring(2,12),e.src+=\"#?secret=\"+t,e.setAttribute(\"data-secret\",t)),e.contentWindow.postMessage({message:\"ready\",secret:t},\"*\")},!1)))}(window,document);\n\/\/# sourceURL=https:\/\/aleasoft.com\/wp-includes\/js\/wp-embed.min.js\n<\/script>\n","thumbnail_url":"https:\/\/aleasoft.com\/wp-content\/uploads\/2019\/12\/20191219-aleasoft-escenarios-vehiculo-electrico-espaa.png","thumbnail_width":2814,"thumbnail_height":1573,"description":"El veh\u00edculo el\u00e9ctrico y su adopci\u00f3n generalizada como soluci\u00f3n de movilidad plantea muchos interrogantes: \u00bfsu coste ser\u00e1 asumible para los usuarios? \u00bfhabr\u00e1 suficiente electricidad para todos los coches? \u00bfsoportar\u00e1 la red el\u00e9ctrica la carga simult\u00e1nea de millones de coches? \u00bfser\u00e1 compatible su uso con la producci\u00f3n renovable intermitente?"}