{"version":"1.0","provider_name":"AleaSoft Energy Forecasting","provider_url":"https:\/\/aleasoft.com\/fr\/","title":"Baisse des prix sur le march\u00e9 ib\u00e9rique de l'\u00e9lectricit\u00e9 alors que les prix augmentent sur les autres march\u00e9s europ\u00e9ens","type":"rich","width":600,"height":338,"html":"<blockquote class=\"wp-embedded-content\" data-secret=\"7iKPpibfaN\"><a href=\"https:\/\/aleasoft.com\/fr\/baisse-prix-iberique-lelectricite-marches\/\">Baisse des prix sur le march\u00e9 ib\u00e9rique de l&rsquo;\u00e9lectricit\u00e9 alors que les prix augmentent sur les autres march\u00e9s europ\u00e9ens<\/a><\/blockquote><iframe sandbox=\"allow-scripts\" security=\"restricted\" src=\"https:\/\/aleasoft.com\/fr\/baisse-prix-iberique-lelectricite-marches\/embed\/#?secret=7iKPpibfaN\" width=\"600\" height=\"338\" title=\"\u00ab\u00a0Baisse des prix sur le march\u00e9 ib\u00e9rique de l&rsquo;\u00e9lectricit\u00e9 alors que les prix augmentent sur les autres march\u00e9s europ\u00e9ens\u00a0\u00bb &#8212; AleaSoft Energy Forecasting\" data-secret=\"7iKPpibfaN\" frameborder=\"0\" marginwidth=\"0\" marginheight=\"0\" scrolling=\"no\" class=\"wp-embedded-content\"><\/iframe><script>\n\/*! This file is auto-generated *\/\n!function(d,l){\"use strict\";l.querySelector&&d.addEventListener&&\"undefined\"!=typeof URL&&(d.wp=d.wp||{},d.wp.receiveEmbedMessage||(d.wp.receiveEmbedMessage=function(e){var t=e.data;if((t||t.secret||t.message||t.value)&&!\/[^a-zA-Z0-9]\/.test(t.secret)){for(var s,r,n,a=l.querySelectorAll('iframe[data-secret=\"'+t.secret+'\"]'),o=l.querySelectorAll('blockquote[data-secret=\"'+t.secret+'\"]'),c=new RegExp(\"^https?:$\",\"i\"),i=0;i<o.length;i++)o[i].style.display=\"none\";for(i=0;i<a.length;i++)s=a[i],e.source===s.contentWindow&&(s.removeAttribute(\"style\"),\"height\"===t.message?(1e3<(r=parseInt(t.value,10))?r=1e3:~~r<200&&(r=200),s.height=r):\"link\"===t.message&&(r=new URL(s.getAttribute(\"src\")),n=new URL(t.value),c.test(n.protocol))&&n.host===r.host&&l.activeElement===s&&(d.top.location.href=t.value))}},d.addEventListener(\"message\",d.wp.receiveEmbedMessage,!1),l.addEventListener(\"DOMContentLoaded\",function(){for(var e,t,s=l.querySelectorAll(\"iframe.wp-embedded-content\"),r=0;r<s.length;r++)(t=(e=s[r]).getAttribute(\"data-secret\"))||(t=Math.random().toString(36).substring(2,12),e.src+=\"#?secret=\"+t,e.setAttribute(\"data-secret\",t)),e.contentWindow.postMessage({message:\"ready\",secret:t},\"*\")},!1)))}(window,document);\n\/\/# sourceURL=https:\/\/aleasoft.com\/wp-includes\/js\/wp-embed.min.js\n<\/script>\n","thumbnail_url":"https:\/\/aleasoft.com\/wp-content\/uploads\/2024\/08\/20240819-AleaSoft-European-electricity-market-prices.png","thumbnail_width":2282,"thumbnail_height":1589,"description":"Au cours de la troisi\u00e8me semaine d'ao\u00fbt, la production \u00e9olienne, la baisse de la demande et les temp\u00e9ratures moyennes ont contribu\u00e9 \u00e0 la chute des prix sur le march\u00e9 ib\u00e9rique de l'Espagne et du Portugal."}