{"version":"1.0","provider_name":"AleaSoft Energy Forecasting","provider_url":"https:\/\/aleasoft.com\/fr\/","title":"Les cons\u00e9quences de la crise \u00e9conomique de COVID 19 sur les march\u00e9s de l'\u00e9nergie et leurs opportunit\u00e9s","type":"rich","width":600,"height":338,"html":"<blockquote class=\"wp-embedded-content\" data-secret=\"tpO3HLhzUL\"><a href=\"https:\/\/aleasoft.com\/fr\/consequences-crise-economique-covid-19-marches-lenergie-opportunites\/\">Les cons\u00e9quences de la crise \u00e9conomique de COVID 19 sur les march\u00e9s de l&rsquo;\u00e9nergie et leurs opportunit\u00e9s<\/a><\/blockquote><iframe sandbox=\"allow-scripts\" security=\"restricted\" src=\"https:\/\/aleasoft.com\/fr\/consequences-crise-economique-covid-19-marches-lenergie-opportunites\/embed\/#?secret=tpO3HLhzUL\" width=\"600\" height=\"338\" title=\"\u00ab\u00a0Les cons\u00e9quences de la crise \u00e9conomique de COVID 19 sur les march\u00e9s de l&rsquo;\u00e9nergie et leurs opportunit\u00e9s\u00a0\u00bb &#8212; AleaSoft Energy Forecasting\" data-secret=\"tpO3HLhzUL\" frameborder=\"0\" marginwidth=\"0\" marginheight=\"0\" scrolling=\"no\" class=\"wp-embedded-content\"><\/iframe><script>\n\/*! This file is auto-generated *\/\n!function(d,l){\"use strict\";l.querySelector&&d.addEventListener&&\"undefined\"!=typeof URL&&(d.wp=d.wp||{},d.wp.receiveEmbedMessage||(d.wp.receiveEmbedMessage=function(e){var t=e.data;if((t||t.secret||t.message||t.value)&&!\/[^a-zA-Z0-9]\/.test(t.secret)){for(var s,r,n,a=l.querySelectorAll('iframe[data-secret=\"'+t.secret+'\"]'),o=l.querySelectorAll('blockquote[data-secret=\"'+t.secret+'\"]'),c=new RegExp(\"^https?:$\",\"i\"),i=0;i<o.length;i++)o[i].style.display=\"none\";for(i=0;i<a.length;i++)s=a[i],e.source===s.contentWindow&&(s.removeAttribute(\"style\"),\"height\"===t.message?(1e3<(r=parseInt(t.value,10))?r=1e3:~~r<200&&(r=200),s.height=r):\"link\"===t.message&&(r=new URL(s.getAttribute(\"src\")),n=new URL(t.value),c.test(n.protocol))&&n.host===r.host&&l.activeElement===s&&(d.top.location.href=t.value))}},d.addEventListener(\"message\",d.wp.receiveEmbedMessage,!1),l.addEventListener(\"DOMContentLoaded\",function(){for(var e,t,s=l.querySelectorAll(\"iframe.wp-embedded-content\"),r=0;r<s.length;r++)(t=(e=s[r]).getAttribute(\"data-secret\"))||(t=Math.random().toString(36).substring(2,12),e.src+=\"#?secret=\"+t,e.setAttribute(\"data-secret\",t)),e.contentWindow.postMessage({message:\"ready\",secret:t},\"*\")},!1)))}(window,document);\n\/\/# sourceURL=https:\/\/aleasoft.com\/wp-includes\/js\/wp-embed.min.js\n<\/script>\n","thumbnail_url":"https:\/\/aleasoft.com\/wp-content\/uploads\/2020\/04\/20200421-AleaSoft-Fall-electricity-demand-Europe.png","thumbnail_width":1256,"thumbnail_height":816,"description":"Les mesures prises contre la pand\u00e9mie COVID 19 ont un impact sur la demande \u00e9nerg\u00e9tique, les march\u00e9s du gaz, du p\u00e9trole et de l'\u00e9lectricit\u00e9, ainsi que sur les perspectives et la viabilit\u00e9 des projets d'\u00e9nergie renouvelable, les plans \u00e9nerg\u00e9tiques et climatiques des pays europ\u00e9ens et les installations photovolta\u00efques d'autoconsommation."}