{"version":"1.0","provider_name":"AleaSoft Energy Forecasting","provider_url":"https:\/\/aleasoft.com\/fr\/","title":"La hausse du gaz et la baisse de l'\u00e9nergie \u00e9olienne poussent les prix du march\u00e9 europ\u00e9en de l'\u00e9lectricit\u00e9 \u00e0 d\u00e9passer 120 \u20ac\/MWh au cours de la premi\u00e8re semaine de f\u00e9vrier","type":"rich","width":600,"height":338,"html":"<blockquote class=\"wp-embedded-content\" data-secret=\"7cvyZ0Emmp\"><a href=\"https:\/\/aleasoft.com\/fr\/hausse-gaz-baisse-lenergie-eolienne-prix-marche-europeen\/\">La hausse du gaz et la baisse de l&rsquo;\u00e9nergie \u00e9olienne poussent les prix du march\u00e9 europ\u00e9en de l&rsquo;\u00e9lectricit\u00e9 \u00e0 d\u00e9passer 120 \u20ac\/MWh au cours de la premi\u00e8re semaine de f\u00e9vrier<\/a><\/blockquote><iframe sandbox=\"allow-scripts\" security=\"restricted\" src=\"https:\/\/aleasoft.com\/fr\/hausse-gaz-baisse-lenergie-eolienne-prix-marche-europeen\/embed\/#?secret=7cvyZ0Emmp\" width=\"600\" height=\"338\" title=\"\u00ab\u00a0La hausse du gaz et la baisse de l&rsquo;\u00e9nergie \u00e9olienne poussent les prix du march\u00e9 europ\u00e9en de l&rsquo;\u00e9lectricit\u00e9 \u00e0 d\u00e9passer 120 \u20ac\/MWh au cours de la premi\u00e8re semaine de f\u00e9vrier\u00a0\u00bb &#8212; AleaSoft Energy Forecasting\" data-secret=\"7cvyZ0Emmp\" frameborder=\"0\" marginwidth=\"0\" marginheight=\"0\" scrolling=\"no\" class=\"wp-embedded-content\"><\/iframe><script>\n\/*! This file is auto-generated *\/\n!function(d,l){\"use strict\";l.querySelector&&d.addEventListener&&\"undefined\"!=typeof URL&&(d.wp=d.wp||{},d.wp.receiveEmbedMessage||(d.wp.receiveEmbedMessage=function(e){var t=e.data;if((t||t.secret||t.message||t.value)&&!\/[^a-zA-Z0-9]\/.test(t.secret)){for(var s,r,n,a=l.querySelectorAll('iframe[data-secret=\"'+t.secret+'\"]'),o=l.querySelectorAll('blockquote[data-secret=\"'+t.secret+'\"]'),c=new RegExp(\"^https?:$\",\"i\"),i=0;i<o.length;i++)o[i].style.display=\"none\";for(i=0;i<a.length;i++)s=a[i],e.source===s.contentWindow&&(s.removeAttribute(\"style\"),\"height\"===t.message?(1e3<(r=parseInt(t.value,10))?r=1e3:~~r<200&&(r=200),s.height=r):\"link\"===t.message&&(r=new URL(s.getAttribute(\"src\")),n=new URL(t.value),c.test(n.protocol))&&n.host===r.host&&l.activeElement===s&&(d.top.location.href=t.value))}},d.addEventListener(\"message\",d.wp.receiveEmbedMessage,!1),l.addEventListener(\"DOMContentLoaded\",function(){for(var e,t,s=l.querySelectorAll(\"iframe.wp-embedded-content\"),r=0;r<s.length;r++)(t=(e=s[r]).getAttribute(\"data-secret\"))||(t=Math.random().toString(36).substring(2,12),e.src+=\"#?secret=\"+t,e.setAttribute(\"data-secret\",t)),e.contentWindow.postMessage({message:\"ready\",secret:t},\"*\")},!1)))}(window,document);\n\/\/# sourceURL=https:\/\/aleasoft.com\/wp-includes\/js\/wp-embed.min.js\n<\/script>\n","thumbnail_url":"https:\/\/aleasoft.com\/wp-content\/uploads\/2025\/02\/20250210-AleaSoft-European-electricity-market-prices.png","thumbnail_width":2282,"thumbnail_height":1589,"description":"Au cours de la premi\u00e8re semaine de f\u00e9vrier, les prix \u00e0 terme du gaz TTF ont continu\u00e9 \u00e0 augmenter et ont atteint le prix de cl\u00f4ture le plus \u00e9lev\u00e9 de l'ann\u00e9e derni\u00e8re \u00e0 la fin de la semaine."}