{"version":"1.0","provider_name":"AleaSoft Energy Forecasting","provider_url":"https:\/\/aleasoft.com\/fr\/","title":"Les march\u00e9s europ\u00e9ens de l'\u00e9lectricit\u00e9 \u00e9voluent \u00e0 un rythme diff\u00e9rent la semaine derni\u00e8re","type":"rich","width":600,"height":338,"html":"<blockquote class=\"wp-embedded-content\" data-secret=\"5czigVqcN4\"><a href=\"https:\/\/aleasoft.com\/fr\/marches-europeens-electricite-evoluent-rythme-different-semaine-derniere\/\">Les march\u00e9s europ\u00e9ens de l&rsquo;\u00e9lectricit\u00e9 \u00e9voluent \u00e0 un rythme diff\u00e9rent la semaine derni\u00e8re<\/a><\/blockquote><iframe sandbox=\"allow-scripts\" security=\"restricted\" src=\"https:\/\/aleasoft.com\/fr\/marches-europeens-electricite-evoluent-rythme-different-semaine-derniere\/embed\/#?secret=5czigVqcN4\" width=\"600\" height=\"338\" title=\"\u00ab\u00a0Les march\u00e9s europ\u00e9ens de l&rsquo;\u00e9lectricit\u00e9 \u00e9voluent \u00e0 un rythme diff\u00e9rent la semaine derni\u00e8re\u00a0\u00bb &#8212; AleaSoft Energy Forecasting\" data-secret=\"5czigVqcN4\" frameborder=\"0\" marginwidth=\"0\" marginheight=\"0\" scrolling=\"no\" class=\"wp-embedded-content\"><\/iframe><script>\n\/*! This file is auto-generated *\/\n!function(d,l){\"use strict\";l.querySelector&&d.addEventListener&&\"undefined\"!=typeof URL&&(d.wp=d.wp||{},d.wp.receiveEmbedMessage||(d.wp.receiveEmbedMessage=function(e){var t=e.data;if((t||t.secret||t.message||t.value)&&!\/[^a-zA-Z0-9]\/.test(t.secret)){for(var s,r,n,a=l.querySelectorAll('iframe[data-secret=\"'+t.secret+'\"]'),o=l.querySelectorAll('blockquote[data-secret=\"'+t.secret+'\"]'),c=new RegExp(\"^https?:$\",\"i\"),i=0;i<o.length;i++)o[i].style.display=\"none\";for(i=0;i<a.length;i++)s=a[i],e.source===s.contentWindow&&(s.removeAttribute(\"style\"),\"height\"===t.message?(1e3<(r=parseInt(t.value,10))?r=1e3:~~r<200&&(r=200),s.height=r):\"link\"===t.message&&(r=new URL(s.getAttribute(\"src\")),n=new URL(t.value),c.test(n.protocol))&&n.host===r.host&&l.activeElement===s&&(d.top.location.href=t.value))}},d.addEventListener(\"message\",d.wp.receiveEmbedMessage,!1),l.addEventListener(\"DOMContentLoaded\",function(){for(var e,t,s=l.querySelectorAll(\"iframe.wp-embedded-content\"),r=0;r<s.length;r++)(t=(e=s[r]).getAttribute(\"data-secret\"))||(t=Math.random().toString(36).substring(2,12),e.src+=\"#?secret=\"+t,e.setAttribute(\"data-secret\",t)),e.contentWindow.postMessage({message:\"ready\",secret:t},\"*\")},!1)))}(window,document);\n\/\/# sourceURL=https:\/\/aleasoft.com\/wp-includes\/js\/wp-embed.min.js\n<\/script>\n","thumbnail_url":"https:\/\/aleasoft.com\/wp-content\/uploads\/2019\/07\/20190708-aleasoft-produccion-eolica-electricidad-europa-768x534.png","thumbnail_width":600,"thumbnail_height":417,"description":"AleaSoft analyse les prix sur les march\u00e9s des carburants, les droits d'\u00e9mission de CO2, les march\u00e9s europ\u00e9ens de l'\u00e9lectricit\u00e9 et la production \u00e0 l'aide d'\u00e9nergies renouvelables au cours de la premi\u00e8re semaine de juillet. Au cours de cette semaine, les march\u00e9s europ\u00e9ens de l'\u00e9lectricit\u00e9 ont \u00e9volu\u00e9 \u00e0 un rythme diff\u00e9rent: sur les march\u00e9s du centre-sud de l'Europe, les prix ont augment\u00e9 par rapport \u00e0 la derni\u00e8re semaine de juin et sur les march\u00e9s des pays situ\u00e9s plus au nord, les prix ont baiss\u00e9."}