{"version":"1.0","provider_name":"AleaSoft Energy Forecasting","provider_url":"https:\/\/aleasoft.com\/fr\/","title":"Les prix sur les march\u00e9s europ\u00e9ens baissent au cours de la deuxi\u00e8me semaine de f\u00e9vrier, le march\u00e9 ib\u00e9rique reste d\u00e9connect\u00e9 et le march\u00e9 nordique atteint les prix les plus \u00e9lev\u00e9s.","type":"rich","width":600,"height":338,"html":"<blockquote class=\"wp-embedded-content\" data-secret=\"7wGMm29wRm\"><a href=\"https:\/\/aleasoft.com\/fr\/prix-marches-europeens-baisse-iberique-decouple-nordique-maximum\/\">Les prix sur les march\u00e9s europ\u00e9ens baissent au cours de la deuxi\u00e8me semaine de f\u00e9vrier, le march\u00e9 ib\u00e9rique reste d\u00e9connect\u00e9 et le march\u00e9 nordique atteint les prix les plus \u00e9lev\u00e9s.<\/a><\/blockquote><iframe sandbox=\"allow-scripts\" security=\"restricted\" src=\"https:\/\/aleasoft.com\/fr\/prix-marches-europeens-baisse-iberique-decouple-nordique-maximum\/embed\/#?secret=7wGMm29wRm\" width=\"600\" height=\"338\" title=\"\u00ab\u00a0Les prix sur les march\u00e9s europ\u00e9ens baissent au cours de la deuxi\u00e8me semaine de f\u00e9vrier, le march\u00e9 ib\u00e9rique reste d\u00e9connect\u00e9 et le march\u00e9 nordique atteint les prix les plus \u00e9lev\u00e9s.\u00a0\u00bb &#8212; AleaSoft Energy Forecasting\" data-secret=\"7wGMm29wRm\" frameborder=\"0\" marginwidth=\"0\" marginheight=\"0\" scrolling=\"no\" class=\"wp-embedded-content\"><\/iframe><script>\n\/*! This file is auto-generated *\/\n!function(d,l){\"use strict\";l.querySelector&&d.addEventListener&&\"undefined\"!=typeof URL&&(d.wp=d.wp||{},d.wp.receiveEmbedMessage||(d.wp.receiveEmbedMessage=function(e){var t=e.data;if((t||t.secret||t.message||t.value)&&!\/[^a-zA-Z0-9]\/.test(t.secret)){for(var s,r,n,a=l.querySelectorAll('iframe[data-secret=\"'+t.secret+'\"]'),o=l.querySelectorAll('blockquote[data-secret=\"'+t.secret+'\"]'),c=new RegExp(\"^https?:$\",\"i\"),i=0;i<o.length;i++)o[i].style.display=\"none\";for(i=0;i<a.length;i++)s=a[i],e.source===s.contentWindow&&(s.removeAttribute(\"style\"),\"height\"===t.message?(1e3<(r=parseInt(t.value,10))?r=1e3:~~r<200&&(r=200),s.height=r):\"link\"===t.message&&(r=new URL(s.getAttribute(\"src\")),n=new URL(t.value),c.test(n.protocol))&&n.host===r.host&&l.activeElement===s&&(d.top.location.href=t.value))}},d.addEventListener(\"message\",d.wp.receiveEmbedMessage,!1),l.addEventListener(\"DOMContentLoaded\",function(){for(var e,t,s=l.querySelectorAll(\"iframe.wp-embedded-content\"),r=0;r<s.length;r++)(t=(e=s[r]).getAttribute(\"data-secret\"))||(t=Math.random().toString(36).substring(2,12),e.src+=\"#?secret=\"+t,e.setAttribute(\"data-secret\",t)),e.contentWindow.postMessage({message:\"ready\",secret:t},\"*\")},!1)))}(window,document);\n\/\/# sourceURL=https:\/\/aleasoft.com\/wp-includes\/js\/wp-embed.min.js\n<\/script>\n","thumbnail_url":"https:\/\/aleasoft.com\/wp-content\/uploads\/2026\/02\/20260216-AleaSoft-European-electricity-market-prices.png","thumbnail_width":730,"thumbnail_height":509,"description":"Au cours de la deuxi\u00e8me semaine de f\u00e9vrier, les prix sur la plupart des principaux march\u00e9s europ\u00e9ens de l'\u00e9lectricit\u00e9 ont continu\u00e9 \u00e0 baisser, m\u00eame si dans de nombreux cas, la moyenne hebdomadaire s'est situ\u00e9e au-dessus de 90 \u20ac\/MWh."}