{"version":"1.0","provider_name":"AleaSoft Energy Forecasting","provider_url":"https:\/\/aleasoft.com\/fr\/","title":"Les \u00e9nergies renouvelables, la baisse de la demande et les prix du gaz font baisser les prix sur les march\u00e9s europ\u00e9ens de l'\u00e9lectricit\u00e9 au cours de la premi\u00e8re semaine d'octobre","type":"rich","width":600,"height":338,"html":"<blockquote class=\"wp-embedded-content\" data-secret=\"YHIqSqy2vt\"><a href=\"https:\/\/aleasoft.com\/fr\/renouvelables-demande-gaz-pression-prix-marches-europeens\/\">Les \u00e9nergies renouvelables, la baisse de la demande et les prix du gaz font baisser les prix sur les march\u00e9s europ\u00e9ens de l&rsquo;\u00e9lectricit\u00e9 au cours de la premi\u00e8re semaine d&rsquo;octobre<\/a><\/blockquote><iframe sandbox=\"allow-scripts\" security=\"restricted\" src=\"https:\/\/aleasoft.com\/fr\/renouvelables-demande-gaz-pression-prix-marches-europeens\/embed\/#?secret=YHIqSqy2vt\" width=\"600\" height=\"338\" title=\"\u00ab\u00a0Les \u00e9nergies renouvelables, la baisse de la demande et les prix du gaz font baisser les prix sur les march\u00e9s europ\u00e9ens de l&rsquo;\u00e9lectricit\u00e9 au cours de la premi\u00e8re semaine d&rsquo;octobre\u00a0\u00bb &#8212; AleaSoft Energy Forecasting\" data-secret=\"YHIqSqy2vt\" frameborder=\"0\" marginwidth=\"0\" marginheight=\"0\" scrolling=\"no\" class=\"wp-embedded-content\"><\/iframe><script>\n\/*! This file is auto-generated *\/\n!function(d,l){\"use strict\";l.querySelector&&d.addEventListener&&\"undefined\"!=typeof URL&&(d.wp=d.wp||{},d.wp.receiveEmbedMessage||(d.wp.receiveEmbedMessage=function(e){var t=e.data;if((t||t.secret||t.message||t.value)&&!\/[^a-zA-Z0-9]\/.test(t.secret)){for(var s,r,n,a=l.querySelectorAll('iframe[data-secret=\"'+t.secret+'\"]'),o=l.querySelectorAll('blockquote[data-secret=\"'+t.secret+'\"]'),c=new RegExp(\"^https?:$\",\"i\"),i=0;i<o.length;i++)o[i].style.display=\"none\";for(i=0;i<a.length;i++)s=a[i],e.source===s.contentWindow&&(s.removeAttribute(\"style\"),\"height\"===t.message?(1e3<(r=parseInt(t.value,10))?r=1e3:~~r<200&&(r=200),s.height=r):\"link\"===t.message&&(r=new URL(s.getAttribute(\"src\")),n=new URL(t.value),c.test(n.protocol))&&n.host===r.host&&l.activeElement===s&&(d.top.location.href=t.value))}},d.addEventListener(\"message\",d.wp.receiveEmbedMessage,!1),l.addEventListener(\"DOMContentLoaded\",function(){for(var e,t,s=l.querySelectorAll(\"iframe.wp-embedded-content\"),r=0;r<s.length;r++)(t=(e=s[r]).getAttribute(\"data-secret\"))||(t=Math.random().toString(36).substring(2,12),e.src+=\"#?secret=\"+t,e.setAttribute(\"data-secret\",t)),e.contentWindow.postMessage({message:\"ready\",secret:t},\"*\")},!1)))}(window,document);\n\/\/# sourceURL=https:\/\/aleasoft.com\/wp-includes\/js\/wp-embed.min.js\n<\/script>\n","thumbnail_url":"https:\/\/aleasoft.com\/wp-content\/uploads\/2025\/10\/20251006-AleaSoft-European-electricity-market-prices.png","thumbnail_width":730,"thumbnail_height":509,"description":"Au cours de la premi\u00e8re semaine d'octobre, les prix de la plupart des principaux march\u00e9s \u00e9lectriques europ\u00e9ens ont baiss\u00e9 par rapport \u00e0 la semaine pr\u00e9c\u00e9dente, \u00e0 l'exception du march\u00e9 ib\u00e9rique. Les march\u00e9s n\u00e9erlandais, allemand et britannique ont enregistr\u00e9 leurs prix quotidiens les plus bas depuis au moins mi-2024."}