{"version":"1.0","provider_name":"AleaSoft Energy Forecasting","provider_url":"https:\/\/aleasoft.com\/pt\/","title":"An\u00e1lise fevereiro de 2025Os pre\u00e7os do mercado europeu da eletricidade subiram em fevereiro, impulsionados pelo g\u00e1s e pela queda da produ\u00e7\u00e3o e\u00f3lica","type":"rich","width":600,"height":338,"html":"<blockquote class=\"wp-embedded-content\" data-secret=\"XMyvlnAGeG\"><a href=\"https:\/\/aleasoft.com\/pt\/subir-precos-mercados-mercados-gas-eolica-fevereiro-2025\/\"><div style=\"text-align: center;background-color: #004A9B;color: white;\">An\u00e1lise fevereiro de 2025<\/div><br\/>Os pre\u00e7os do mercado europeu da eletricidade subiram em fevereiro, impulsionados pelo g\u00e1s e pela queda da produ\u00e7\u00e3o e\u00f3lica<\/a><\/blockquote><iframe sandbox=\"allow-scripts\" security=\"restricted\" src=\"https:\/\/aleasoft.com\/pt\/subir-precos-mercados-mercados-gas-eolica-fevereiro-2025\/embed\/#?secret=XMyvlnAGeG\" width=\"600\" height=\"338\" title=\"&#8220;&lt;div style=&quot;text-align: center;background-color: #004A9B;color: white;&quot;&gt;An\u00e1lise fevereiro de 2025&lt;\/div&gt;&lt;br\/&gt;Os pre\u00e7os do mercado europeu da eletricidade subiram em fevereiro, impulsionados pelo g\u00e1s e pela queda da produ\u00e7\u00e3o e\u00f3lica&#8221; &#8212; AleaSoft Energy Forecasting\" data-secret=\"XMyvlnAGeG\" frameborder=\"0\" marginwidth=\"0\" marginheight=\"0\" scrolling=\"no\" class=\"wp-embedded-content\"><\/iframe><script>\n\/*! This file is auto-generated *\/\n!function(d,l){\"use strict\";l.querySelector&&d.addEventListener&&\"undefined\"!=typeof URL&&(d.wp=d.wp||{},d.wp.receiveEmbedMessage||(d.wp.receiveEmbedMessage=function(e){var t=e.data;if((t||t.secret||t.message||t.value)&&!\/[^a-zA-Z0-9]\/.test(t.secret)){for(var s,r,n,a=l.querySelectorAll('iframe[data-secret=\"'+t.secret+'\"]'),o=l.querySelectorAll('blockquote[data-secret=\"'+t.secret+'\"]'),c=new RegExp(\"^https?:$\",\"i\"),i=0;i<o.length;i++)o[i].style.display=\"none\";for(i=0;i<a.length;i++)s=a[i],e.source===s.contentWindow&&(s.removeAttribute(\"style\"),\"height\"===t.message?(1e3<(r=parseInt(t.value,10))?r=1e3:~~r<200&&(r=200),s.height=r):\"link\"===t.message&&(r=new URL(s.getAttribute(\"src\")),n=new URL(t.value),c.test(n.protocol))&&n.host===r.host&&l.activeElement===s&&(d.top.location.href=t.value))}},d.addEventListener(\"message\",d.wp.receiveEmbedMessage,!1),l.addEventListener(\"DOMContentLoaded\",function(){for(var e,t,s=l.querySelectorAll(\"iframe.wp-embedded-content\"),r=0;r<s.length;r++)(t=(e=s[r]).getAttribute(\"data-secret\"))||(t=Math.random().toString(36).substring(2,12),e.src+=\"#?secret=\"+t,e.setAttribute(\"data-secret\",t)),e.contentWindow.postMessage({message:\"ready\",secret:t},\"*\")},!1)))}(window,document);\n\/\/# sourceURL=https:\/\/aleasoft.com\/wp-includes\/js\/wp-embed.min.js\n<\/script>\n","thumbnail_url":"https:\/\/aleasoft.com\/wp-content\/uploads\/2025\/03\/20250304-AleaSoft-Monthly-electricity-market-prices-Europe.png","thumbnail_width":730,"thumbnail_height":506,"description":"Os pre\u00e7os nos principais mercados europeus da eletricidade subiram em fevereiro de 2025, atingindo em muitos casos o seu n\u00edvel mais elevado desde mar\u00e7o de 2023."}